{"id":517,"date":"2015-04-30T22:52:41","date_gmt":"2015-04-30T21:52:41","guid":{"rendered":"http:\/\/gardan-shop.com\/fr\/?post_type=product&#038;p=517"},"modified":"2024-05-25T07:11:10","modified_gmt":"2024-05-25T06:11:10","slug":"marin","status":"publish","type":"product","link":"http:\/\/gardan-shop.com\/fr\/produits\/marin\/","title":{"rendered":"MARIN"},"content":{"rendered":"<p>L&rsquo;esprit du grand ouest souffle sur ce petit cartable aux allures vintage.<br \/>\nId\u00e9al pour y glisser vos mains ainsi que vos objets pr\u00e9f\u00e9r\u00e9s.<\/p>\n","protected":false},"excerpt":{"rendered":"<p>&nbsp;<\/p>\n<p>L&rsquo;esprit du grand ouest souffle sur ce petit cartable aux allures vintage.<br \/>\nId\u00e9al pour glisser vos mains \u00e0 l&rsquo;int\u00e9rieur de la marini\u00e8re du rabat mais aussi vos objets pr\u00e9f\u00e9r\u00e9s&#8230;.<\/p>\n<p>&nbsp;<\/p>\n<p><strong>Caract\u00e9ristiques\u00a0:<\/strong><\/p>\n<p>Port\u00e9 main ou bandouli\u00e8re<br \/>\nBandouli\u00e8re d&rsquo;\u00e9paule en cuir r\u00e9glable<\/p>\n<p>Poche int\u00e9rieure zipp\u00e9e en jersey \u00e0 rayures marine et blanche<\/p>\n<p>Deux pochettes plaqu\u00e9es en jersey \u00e0 rayures marine et blanche<br \/>\nPorte crayons<\/p>\n<p>Fermoir m\u00e9tallique<br \/>\nInt\u00e9rieur rabat en jersey \u00e0 rayures marine et blanche<br \/>\nDimensions: H: 20 x L: 27 x P: 5 cm<\/p>\n<p>&nbsp;<\/p>\n<p>Cuir de vachette v\u00e9ritable<\/p>\n<p>&nbsp;<\/p>\n<p>Fabriqu\u00e9 en France<\/p>\n<p><strong>\u00a0<\/strong><\/p>\n<p>&nbsp;<\/p>\n","protected":false},"featured_media":854,"comment_status":"open","ping_status":"closed","template":"","meta":[],"product_cat":[33],"product_tag":[],"yoast_head":"<!-- This site is optimized with the Yoast SEO plugin v22.7 - https:\/\/yoast.com\/wordpress\/plugins\/seo\/ -->\n<title>MARIN - Sacs en cuir de fabrication Fran\u00e7aise<\/title>\n<meta name=\"description\" content=\"L&#039;esprit du grand ouest souffle sur ce petit cartable aux allures vintage. Id\u00e9al pour y glisser vos mains mais aussi vos objets pr\u00e9f\u00e9r\u00e9s....\" \/>\n<meta name=\"robots\" content=\"index, follow, max-snippet:-1, max-image-preview:large, max-video-preview:-1\" \/>\n<link rel=\"canonical\" href=\"http:\/\/gardan-shop.com\/fr\/produits\/marin\/\" \/>\n<meta property=\"og:locale\" content=\"fr_FR\" \/>\n<meta property=\"og:type\" content=\"article\" \/>\n<meta property=\"og:title\" content=\"MARIN - Sacs en cuir de fabrication Fran\u00e7aise\" \/>\n<meta property=\"og:description\" content=\"L&#039;esprit du grand ouest souffle sur ce petit cartable aux allures vintage. Id\u00e9al pour y glisser vos mains mais aussi vos objets pr\u00e9f\u00e9r\u00e9s....\" \/>\n<meta property=\"og:url\" content=\"http:\/\/gardan-shop.com\/fr\/produits\/marin\/\" \/>\n<meta property=\"og:site_name\" content=\"Sacs en cuir de fabrication Fran\u00e7aise\" \/>\n<meta property=\"article:modified_time\" content=\"2024-05-25T06:11:10+00:00\" \/>\n<meta property=\"og:image\" content=\"http:\/\/gardan-shop.com\/fr\/wp-content\/uploads\/sites\/2\/2015\/04\/Sac-en-cuir-MARIN-1.11.jpg\" \/>\n\t<meta property=\"og:image:width\" content=\"640\" \/>\n\t<meta property=\"og:image:height\" content=\"480\" \/>\n\t<meta property=\"og:image:type\" content=\"image\/jpeg\" \/>\n<meta name=\"twitter:label1\" content=\"Dur\u00e9e de lecture estim\u00e9e\" \/>\n\t<meta name=\"twitter:data1\" content=\"1 minute\" \/>\n<script type=\"application\/ld+json\" class=\"yoast-schema-graph\">{\"@context\":\"https:\/\/schema.org\",\"@graph\":[{\"@type\":\"WebPage\",\"@id\":\"http:\/\/gardan-shop.com\/fr\/produits\/marin\/\",\"url\":\"http:\/\/gardan-shop.com\/fr\/produits\/marin\/\",\"name\":\"MARIN - Sacs en cuir de fabrication Fran\u00e7aise\",\"isPartOf\":{\"@id\":\"http:\/\/gardan-shop.com\/fr\/#website\"},\"primaryImageOfPage\":{\"@id\":\"http:\/\/gardan-shop.com\/fr\/produits\/marin\/#primaryimage\"},\"image\":{\"@id\":\"http:\/\/gardan-shop.com\/fr\/produits\/marin\/#primaryimage\"},\"thumbnailUrl\":\"http:\/\/gardan-shop.com\/fr\/wp-content\/uploads\/sites\/2\/2015\/04\/Sac-en-cuir-MARIN-1.11.jpg\",\"datePublished\":\"2015-04-30T21:52:41+00:00\",\"dateModified\":\"2024-05-25T06:11:10+00:00\",\"description\":\"L'esprit du grand ouest souffle sur ce petit cartable aux allures vintage. Id\u00e9al pour y glisser vos mains mais aussi vos objets pr\u00e9f\u00e9r\u00e9s....\",\"breadcrumb\":{\"@id\":\"http:\/\/gardan-shop.com\/fr\/produits\/marin\/#breadcrumb\"},\"inLanguage\":\"fr-FR\",\"potentialAction\":[{\"@type\":\"ReadAction\",\"target\":[\"http:\/\/gardan-shop.com\/fr\/produits\/marin\/\"]}]},{\"@type\":\"ImageObject\",\"inLanguage\":\"fr-FR\",\"@id\":\"http:\/\/gardan-shop.com\/fr\/produits\/marin\/#primaryimage\",\"url\":\"http:\/\/gardan-shop.com\/fr\/wp-content\/uploads\/sites\/2\/2015\/04\/Sac-en-cuir-MARIN-1.11.jpg\",\"contentUrl\":\"http:\/\/gardan-shop.com\/fr\/wp-content\/uploads\/sites\/2\/2015\/04\/Sac-en-cuir-MARIN-1.11.jpg\",\"width\":640,\"height\":480},{\"@type\":\"BreadcrumbList\",\"@id\":\"http:\/\/gardan-shop.com\/fr\/produits\/marin\/#breadcrumb\",\"itemListElement\":[{\"@type\":\"ListItem\",\"position\":1,\"name\":\"Accueil\",\"item\":\"http:\/\/gardan-shop.com\/fr\/\"},{\"@type\":\"ListItem\",\"position\":2,\"name\":\"MARIN\"}]},{\"@type\":\"WebSite\",\"@id\":\"http:\/\/gardan-shop.com\/fr\/#website\",\"url\":\"http:\/\/gardan-shop.com\/fr\/\",\"name\":\"Sacs en cuir de fabrication Fran\u00e7aise\",\"description\":\"Gardan-Shop\",\"potentialAction\":[{\"@type\":\"SearchAction\",\"target\":{\"@type\":\"EntryPoint\",\"urlTemplate\":\"http:\/\/gardan-shop.com\/fr\/?s={search_term_string}\"},\"query-input\":\"required name=search_term_string\"}],\"inLanguage\":\"fr-FR\"}]}<\/script>\n<!-- \/ Yoast SEO plugin. -->","yoast_head_json":{"title":"MARIN - Sacs en cuir de fabrication Fran\u00e7aise","description":"L'esprit du grand ouest souffle sur ce petit cartable aux allures vintage. Id\u00e9al pour y glisser vos mains mais aussi vos objets pr\u00e9f\u00e9r\u00e9s....","robots":{"index":"index","follow":"follow","max-snippet":"max-snippet:-1","max-image-preview":"max-image-preview:large","max-video-preview":"max-video-preview:-1"},"canonical":"http:\/\/gardan-shop.com\/fr\/produits\/marin\/","og_locale":"fr_FR","og_type":"article","og_title":"MARIN - Sacs en cuir de fabrication Fran\u00e7aise","og_description":"L'esprit du grand ouest souffle sur ce petit cartable aux allures vintage. Id\u00e9al pour y glisser vos mains mais aussi vos objets pr\u00e9f\u00e9r\u00e9s....","og_url":"http:\/\/gardan-shop.com\/fr\/produits\/marin\/","og_site_name":"Sacs en cuir de fabrication Fran\u00e7aise","article_modified_time":"2024-05-25T06:11:10+00:00","og_image":[{"width":640,"height":480,"url":"http:\/\/gardan-shop.com\/fr\/wp-content\/uploads\/sites\/2\/2015\/04\/Sac-en-cuir-MARIN-1.11.jpg","type":"image\/jpeg"}],"twitter_misc":{"Dur\u00e9e de lecture estim\u00e9e":"1 minute"},"schema":{"@context":"https:\/\/schema.org","@graph":[{"@type":"WebPage","@id":"http:\/\/gardan-shop.com\/fr\/produits\/marin\/","url":"http:\/\/gardan-shop.com\/fr\/produits\/marin\/","name":"MARIN - Sacs en cuir de fabrication Fran\u00e7aise","isPartOf":{"@id":"http:\/\/gardan-shop.com\/fr\/#website"},"primaryImageOfPage":{"@id":"http:\/\/gardan-shop.com\/fr\/produits\/marin\/#primaryimage"},"image":{"@id":"http:\/\/gardan-shop.com\/fr\/produits\/marin\/#primaryimage"},"thumbnailUrl":"http:\/\/gardan-shop.com\/fr\/wp-content\/uploads\/sites\/2\/2015\/04\/Sac-en-cuir-MARIN-1.11.jpg","datePublished":"2015-04-30T21:52:41+00:00","dateModified":"2024-05-25T06:11:10+00:00","description":"L'esprit du grand ouest souffle sur ce petit cartable aux allures vintage. Id\u00e9al pour y glisser vos mains mais aussi vos objets pr\u00e9f\u00e9r\u00e9s....","breadcrumb":{"@id":"http:\/\/gardan-shop.com\/fr\/produits\/marin\/#breadcrumb"},"inLanguage":"fr-FR","potentialAction":[{"@type":"ReadAction","target":["http:\/\/gardan-shop.com\/fr\/produits\/marin\/"]}]},{"@type":"ImageObject","inLanguage":"fr-FR","@id":"http:\/\/gardan-shop.com\/fr\/produits\/marin\/#primaryimage","url":"http:\/\/gardan-shop.com\/fr\/wp-content\/uploads\/sites\/2\/2015\/04\/Sac-en-cuir-MARIN-1.11.jpg","contentUrl":"http:\/\/gardan-shop.com\/fr\/wp-content\/uploads\/sites\/2\/2015\/04\/Sac-en-cuir-MARIN-1.11.jpg","width":640,"height":480},{"@type":"BreadcrumbList","@id":"http:\/\/gardan-shop.com\/fr\/produits\/marin\/#breadcrumb","itemListElement":[{"@type":"ListItem","position":1,"name":"Accueil","item":"http:\/\/gardan-shop.com\/fr\/"},{"@type":"ListItem","position":2,"name":"MARIN"}]},{"@type":"WebSite","@id":"http:\/\/gardan-shop.com\/fr\/#website","url":"http:\/\/gardan-shop.com\/fr\/","name":"Sacs en cuir de fabrication Fran\u00e7aise","description":"Gardan-Shop","potentialAction":[{"@type":"SearchAction","target":{"@type":"EntryPoint","urlTemplate":"http:\/\/gardan-shop.com\/fr\/?s={search_term_string}"},"query-input":"required name=search_term_string"}],"inLanguage":"fr-FR"}]}},"_links":{"self":[{"href":"http:\/\/gardan-shop.com\/fr\/wp-json\/wp\/v2\/product\/517"}],"collection":[{"href":"http:\/\/gardan-shop.com\/fr\/wp-json\/wp\/v2\/product"}],"about":[{"href":"http:\/\/gardan-shop.com\/fr\/wp-json\/wp\/v2\/types\/product"}],"replies":[{"embeddable":true,"href":"http:\/\/gardan-shop.com\/fr\/wp-json\/wp\/v2\/comments?post=517"}],"wp:featuredmedia":[{"embeddable":true,"href":"http:\/\/gardan-shop.com\/fr\/wp-json\/wp\/v2\/media\/854"}],"wp:attachment":[{"href":"http:\/\/gardan-shop.com\/fr\/wp-json\/wp\/v2\/media?parent=517"}],"wp:term":[{"taxonomy":"product_cat","embeddable":true,"href":"http:\/\/gardan-shop.com\/fr\/wp-json\/wp\/v2\/product_cat?post=517"},{"taxonomy":"product_tag","embeddable":true,"href":"http:\/\/gardan-shop.com\/fr\/wp-json\/wp\/v2\/product_tag?post=517"}],"curies":[{"name":"wp","href":"https:\/\/api.w.org\/{rel}","templated":true}]}}